{"id":106,"date":"2013-06-25T08:49:39","date_gmt":"2013-06-25T06:49:39","guid":{"rendered":"http:\/\/bezbarier.kowala.pl\/?page_id=106"},"modified":"2013-06-25T08:49:39","modified_gmt":"2013-06-25T06:49:39","slug":"zaklad-aktywnosci-zawodowej","status":"publish","type":"page","link":"http:\/\/bezbarier.kowala.pl\/?page_id=106","title":{"rendered":"Zak\u0142ad aktywno\u015bci zawodowej"},"content":{"rendered":"<p style=\"text-align: justify;\">Zgodnie z wymogami prawnymi (w tym ostatnimi zmianami w ustawie o rehabilitacji), uzyskanie statusu zak\u0142adu aktywno\u015bci zawodowej warunkuje m. in.: zatrudnienie co najmniej 70% wska\u017anika zatrudnienia os\u00f3b niepe\u0142nosprawnych w og\u00f3le zatrudnionych,<br \/>\nw szczeg\u00f3lno\u015bci os\u00f3b skierowanych do pracy przez powiatowy urz\u0105d pracy:<\/p>\n<ol style=\"text-align: justify;\" start=\"1\">\n<li>zaliczone do znacznego stopnia niepe\u0142nosprawno\u015bci,<\/li>\n<li>zaliczone do umiarkowanego stopnia niepe\u0142nosprawno\u015bci, u kt\u00f3rych stwierdzono autyzm, upo\u015bledzenie umys\u0142owe lub chorob\u0119 psychiczn\u0105, w tym os\u00f3b, w stosunku do kt\u00f3rych rada programowa zaj\u0119\u0142a stanowisko uzasadniaj\u0105ce podj\u0119cie zatrudnienia<\/li>\n<\/ol>\n<p style=\"text-align: justify;\">i kontynuowanie rehabilitacji zawodowej w warunkach pracy chronionej.<\/p>\n<p style=\"text-align: justify;\">Gmina, powiat oraz fundacja, stowarzyszenie lub inna organizacja spo\u0142eczna, kt\u00f3rej statutowym\u00a0zadaniem jest rehabilitacja zawodowa i spo\u0142eczna os\u00f3b niepe\u0142nosprawnych, mo\u017ce utworzy\u0107 wyodr\u0119bnion\u0105 organizacyjnie i finansowo jednostk\u0119 i uzyska\u0107 dla tej jednostki status zak\u0142adu aktywno\u015bci zawodowej.<\/p>\n<p style=\"text-align: justify;\">Koszty:<\/p>\n<ol style=\"text-align: justify;\" start=\"1\">\n<li>utworzenia zak\u0142ad\u00f3w aktywno\u015bci zawodowej s\u0105 wsp\u00f3\u0142finansowane ze \u015brodk\u00f3w PFRON, organizatora lub z innych \u017ar\u00f3de\u0142,<\/li>\n<li>dzia\u0142ania zak\u0142ad\u00f3w aktywno\u015bci zawodowej s\u0105 wsp\u00f3\u0142finansowane ze \u015brodk\u00f3w PFRON oraz ze \u015brodk\u00f3w samorz\u0105du wojew\u00f3dztwa w wysoko\u015bci co najmniej 10%, z tym, \u017ce procentowy udzia\u0142 samorz\u0105du wojew\u00f3dztwa w kosztach mo\u017ce by\u0107 zmniejszany, pod warunkiem znalezienia innych \u017ar\u00f3de\u0142 finansowania dzia\u0142ania zak\u0142adu aktywno\u015bci zawodowej.<\/li>\n<\/ol>\n<p style=\"text-align: justify;\">Dofinansowania ze \u015brodk\u00f3w PFRON dokonuje samorz\u0105d wojew\u00f3dztwa.<\/p>\n<p style=\"text-align: justify;\"><b>Szczeg\u00f3\u0142owe warunki funkcjonowania, finansowania i dzia\u0142alno\u015bci zak\u0142adu aktywno\u015bci zawodowej okre\u015bla:<\/b><\/p>\n<ol style=\"text-align: justify;\" start=\"1\">\n<li>Ustawa z dnia 28.06.2012r. o zmianie ustawy o rehabilitacji zawodowej i spo\u0142ecznej oraz zatrudnianiu os\u00f3b niepe\u0142nosprawnych (Dz. U.z 2012r., poz. 986)wprowadzaj\u0105ca zmiany w ustawie z dnia z dnia 27 sierpnia 1997r. o rehabilitacji zawodowej i spo\u0142ecznej oraz zatrudnianiu os\u00f3b niepe\u0142nosprawnych ( Dz. U. z 2011r., nr 127, poz.721z p\u00f3\u017an. zm.)<\/li>\n<\/ol>\n<ol style=\"text-align: justify;\" start=\"2\">\n<li>Rozporz\u0105dzenie Ministra Pracy i Polityki Spo\u0142ecznej z dnia 17.07.2012r.\u00a0 w sprawie zak\u0142ad\u00f3w aktywno\u015bci zawodowej (Dz. U. z 2012, poz. 850<\/li>\n<\/ol>\n","protected":false},"excerpt":{"rendered":"<p>Zgodnie z wymogami prawnymi (w tym ostatnimi zmianami w ustawie o rehabilitacji), uzyskanie statusu zak\u0142adu aktywno\u015bci zawodowej warunkuje m. in.: zatrudnienie co najmniej 70% wska\u017anika zatrudnienia os\u00f3b niepe\u0142nosprawnych w og\u00f3le <a class=\"more-link\" href=\"http:\/\/bezbarier.kowala.pl\/?page_id=106\">Czytaj dalej &rarr;<\/a><\/p>\n","protected":false},"author":1,"featured_media":0,"parent":17,"menu_order":0,"comment_status":"closed","ping_status":"closed","template":"","meta":{"ngg_post_thumbnail":0,"footnotes":""},"tags":[],"class_list":["post-106","page","type-page","status-publish","hentry"],"_links":{"self":[{"href":"http:\/\/bezbarier.kowala.pl\/index.php?rest_route=\/wp\/v2\/pages\/106","targetHints":{"allow":["GET"]}}],"collection":[{"href":"http:\/\/bezbarier.kowala.pl\/index.php?rest_route=\/wp\/v2\/pages"}],"about":[{"href":"http:\/\/bezbarier.kowala.pl\/index.php?rest_route=\/wp\/v2\/types\/page"}],"author":[{"embeddable":true,"href":"http:\/\/bezbarier.kowala.pl\/index.php?rest_route=\/wp\/v2\/users\/1"}],"replies":[{"embeddable":true,"href":"http:\/\/bezbarier.kowala.pl\/index.php?rest_route=%2Fwp%2Fv2%2Fcomments&post=106"}],"version-history":[{"count":1,"href":"http:\/\/bezbarier.kowala.pl\/index.php?rest_route=\/wp\/v2\/pages\/106\/revisions"}],"predecessor-version":[{"id":107,"href":"http:\/\/bezbarier.kowala.pl\/index.php?rest_route=\/wp\/v2\/pages\/106\/revisions\/107"}],"up":[{"embeddable":true,"href":"http:\/\/bezbarier.kowala.pl\/index.php?rest_route=\/wp\/v2\/pages\/17"}],"wp:attachment":[{"href":"http:\/\/bezbarier.kowala.pl\/index.php?rest_route=%2Fwp%2Fv2%2Fmedia&parent=106"}],"wp:term":[{"taxonomy":"post_tag","embeddable":true,"href":"http:\/\/bezbarier.kowala.pl\/index.php?rest_route=%2Fwp%2Fv2%2Ftags&post=106"}],"curies":[{"name":"wp","href":"https:\/\/api.w.org\/{rel}","templated":true}]}}